{"id":7543,"date":"2022-09-13T14:28:59","date_gmt":"2022-09-13T17:28:59","guid":{"rendered":"https:\/\/pedrohenriquecaron.com\/blog\/?page_id=7543"},"modified":"2022-09-26T20:11:17","modified_gmt":"2022-09-26T23:11:17","slug":"blog-dr-pedro-caron","status":"publish","type":"page","link":"https:\/\/pedrohenriquecaron.com\/blog\/","title":{"rendered":"Blog Dr Pedro Caron"},"content":{"rendered":"\t\t<div data-elementor-type=\"wp-page\" data-elementor-id=\"7543\" class=\"elementor elementor-7543\">\n\t\t\t\t\t\t\t\t\t<section class=\"elementor-section elementor-top-section elementor-element elementor-element-79329e10 elementor-section-height-min-height elementor-section-boxed elementor-section-height-default elementor-section-items-middle\" data-id=\"79329e10\" data-element_type=\"section\" data-settings=\"{&quot;background_background&quot;:&quot;classic&quot;}\">\n\t\t\t\t\t\t\t<div class=\"elementor-background-overlay\"><\/div>\n\t\t\t\t\t\t\t<div class=\"elementor-container elementor-column-gap-default\">\n\t\t\t\t\t<div class=\"elementor-column elementor-col-100 elementor-top-column elementor-element elementor-element-37f80365\" data-id=\"37f80365\" data-element_type=\"column\">\n\t\t\t<div class=\"elementor-widget-wrap elementor-element-populated\">\n\t\t\t\t\t\t\t\t<section class=\"elementor-section elementor-inner-section elementor-element elementor-element-53cd6f44 elementor-section-boxed elementor-section-height-default elementor-section-height-default\" data-id=\"53cd6f44\" data-element_type=\"section\">\n\t\t\t\t\t\t<div class=\"elementor-container elementor-column-gap-default\">\n\t\t\t\t\t<div class=\"elementor-column elementor-col-50 elementor-inner-column elementor-element elementor-element-729ccb3d\" data-id=\"729ccb3d\" data-element_type=\"column\">\n\t\t\t<div class=\"elementor-widget-wrap\">\n\t\t\t\t\t\t\t\t\t<\/div>\n\t\t<\/div>\n\t\t\t\t<div class=\"elementor-column elementor-col-50 elementor-inner-column elementor-element elementor-element-96f4445\" data-id=\"96f4445\" data-element_type=\"column\">\n\t\t\t<div class=\"elementor-widget-wrap elementor-element-populated\">\n\t\t\t\t\t\t\t\t<div class=\"elementor-element elementor-element-696e5ec9 elementor-widget elementor-widget-heading\" data-id=\"696e5ec9\" data-element_type=\"widget\" data-widget_type=\"heading.default\">\n\t\t\t\t<div class=\"elementor-widget-container\">\n\t\t\t<style>\/*! elementor - v3.7.7 - 20-09-2022 *\/\n.elementor-heading-title{padding:0;margin:0;line-height:1}.elementor-widget-heading .elementor-heading-title[class*=elementor-size-]>a{color:inherit;font-size:inherit;line-height:inherit}.elementor-widget-heading .elementor-heading-title.elementor-size-small{font-size:15px}.elementor-widget-heading .elementor-heading-title.elementor-size-medium{font-size:19px}.elementor-widget-heading .elementor-heading-title.elementor-size-large{font-size:29px}.elementor-widget-heading .elementor-heading-title.elementor-size-xl{font-size:39px}.elementor-widget-heading .elementor-heading-title.elementor-size-xxl{font-size:59px}<\/style><h2 class=\"elementor-heading-title elementor-size-default\">Blog<\/h2>\t\t<\/div>\n\t\t\t\t<\/div>\n\t\t\t\t<div class=\"elementor-element elementor-element-be330ab elementor-widget elementor-widget-heading\" data-id=\"be330ab\" data-element_type=\"widget\" data-widget_type=\"heading.default\">\n\t\t\t\t<div class=\"elementor-widget-container\">\n\t\t\t<h2 class=\"elementor-heading-title elementor-size-default\">DR. PEDRO HENRIQUE CARON<\/h2>\t\t<\/div>\n\t\t\t\t<\/div>\n\t\t\t\t<div class=\"elementor-element elementor-element-491b8717 elementor-widget elementor-widget-heading\" data-id=\"491b8717\" data-element_type=\"widget\" data-widget_type=\"heading.default\">\n\t\t\t\t<div class=\"elementor-widget-container\">\n\t\t\t<h2 class=\"elementor-heading-title elementor-size-default\">Transformando vidas!<\/h2>\t\t<\/div>\n\t\t\t\t<\/div>\n\t\t\t\t\t<\/div>\n\t\t<\/div>\n\t\t\t\t\t\t\t<\/div>\n\t\t<\/section>\n\t\t\t\t\t<\/div>\n\t\t<\/div>\n\t\t\t\t\t\t\t<\/div>\n\t\t<\/section>\n\t\t\t\t<section class=\"elementor-section elementor-top-section elementor-element elementor-element-775f17de elementor-section-boxed elementor-section-height-default elementor-section-height-default\" data-id=\"775f17de\" data-element_type=\"section\">\n\t\t\t\t\t\t<div class=\"elementor-container elementor-column-gap-default\">\n\t\t\t\t\t<div class=\"elementor-column elementor-col-50 elementor-top-column elementor-element elementor-element-428c1d78\" data-id=\"428c1d78\" data-element_type=\"column\">\n\t\t\t<div class=\"elementor-widget-wrap elementor-element-populated\">\n\t\t\t\t\t\t\t\t<div class=\"elementor-element elementor-element-60c1e3bb elementor-grid-2 elementor-posts--align-left elementor-grid-tablet-2 elementor-grid-mobile-1 elementor-posts--thumbnail-top elementor-card-shadow-yes elementor-posts__hover-gradient elementor-widget elementor-widget-posts\" data-id=\"60c1e3bb\" data-element_type=\"widget\" data-settings=\"{&quot;cards_columns&quot;:&quot;2&quot;,&quot;cards_masonry&quot;:&quot;yes&quot;,&quot;cards_columns_tablet&quot;:&quot;2&quot;,&quot;cards_columns_mobile&quot;:&quot;1&quot;,&quot;cards_row_gap&quot;:{&quot;unit&quot;:&quot;px&quot;,&quot;size&quot;:35,&quot;sizes&quot;:[]},&quot;cards_row_gap_tablet&quot;:{&quot;unit&quot;:&quot;px&quot;,&quot;size&quot;:&quot;&quot;,&quot;sizes&quot;:[]},&quot;cards_row_gap_mobile&quot;:{&quot;unit&quot;:&quot;px&quot;,&quot;size&quot;:&quot;&quot;,&quot;sizes&quot;:[]}}\" data-widget_type=\"posts.cards\">\n\t\t\t\t<div class=\"elementor-widget-container\">\n\t\t\t<link rel=\"stylesheet\" href=\"https:\/\/pedrohenriquecaron.com\/blog\/wp-content\/plugins\/elementor-pro\/assets\/css\/widget-posts.min.css\">\t\t<div class=\"elementor-posts-container elementor-posts elementor-posts--skin-cards elementor-grid\">\n\t\t\t\t<article class=\"elementor-post elementor-grid-item post-7953 post type-post status-publish format-standard has-post-thumbnail hentry category-cirurgia-bariatrica category-saude\">\n\t\t\t<div class=\"elementor-post__card\">\n\t\t\t\t<a class=\"elementor-post__thumbnail__link\" href=\"https:\/\/pedrohenriquecaron.com\/blog\/cirurgia-bariatrica-e-alteracao-da-microbiota-intestinal-saiba-mais-sobre-essa-relacao\/\" ><div class=\"elementor-post__thumbnail\"><img width=\"1200\" height=\"800\" src=\"https:\/\/pedrohenriquecaron.com\/blog\/wp-content\/uploads\/2024\/08\/blog-microbiota.jpg\" class=\"attachment-full size-full\" alt=\"\" loading=\"lazy\" srcset=\"https:\/\/pedrohenriquecaron.com\/blog\/wp-content\/uploads\/2024\/08\/blog-microbiota.jpg 1200w, https:\/\/pedrohenriquecaron.com\/blog\/wp-content\/uploads\/2024\/08\/blog-microbiota-300x200.jpg 300w, https:\/\/pedrohenriquecaron.com\/blog\/wp-content\/uploads\/2024\/08\/blog-microbiota-1024x683.jpg 1024w, https:\/\/pedrohenriquecaron.com\/blog\/wp-content\/uploads\/2024\/08\/blog-microbiota-768x512.jpg 768w\" sizes=\"(max-width: 1200px) 100vw, 1200px\" \/><\/div><\/a>\n\t\t\t\t<div class=\"elementor-post__badge\">Cirurgia bari\u00e1trica<\/div>\n\t\t\t\t<div class=\"elementor-post__text\">\n\t\t\t\t<h4 class=\"elementor-post__title\">\n\t\t\t<a href=\"https:\/\/pedrohenriquecaron.com\/blog\/cirurgia-bariatrica-e-alteracao-da-microbiota-intestinal-saiba-mais-sobre-essa-relacao\/\" >\n\t\t\t\tCirurgia bari\u00e1trica e altera\u00e7\u00e3o da microbiota intestinal: saiba mais sobre essa rela\u00e7\u00e3o\t\t\t<\/a>\n\t\t<\/h4>\n\t\t\t\t<div class=\"elementor-post__excerpt\">\n\t\t\t<p>Quando falamos em bari\u00e1trica, muitas pessoas associam apenas ao emagrecimento, focando na quest\u00e3o est\u00e9tica. No entanto, a perda de peso proporcionada pelo procedimento visa muito<\/p>\n\t\t<\/div>\n\t\t\n\t\t<a class=\"elementor-post__read-more\" href=\"https:\/\/pedrohenriquecaron.com\/blog\/cirurgia-bariatrica-e-alteracao-da-microbiota-intestinal-saiba-mais-sobre-essa-relacao\/\" >\n\t\t\tLeia Mais \u00bb\t\t<\/a>\n\n\t\t\t\t<\/div>\n\t\t\t\t<div class=\"elementor-post__meta-data\">\n\t\t\t\t\t<span class=\"elementor-post-date\">\n\t\t\t26 de agosto de 2024\t\t<\/span>\n\t\t\t\t<span class=\"elementor-post-avatar\">\n\t\t\tNenhum coment\u00e1rio\t\t<\/span>\n\t\t\t\t<\/div>\n\t\t\t\t\t<\/div>\n\t\t<\/article>\n\t\t\t\t<article class=\"elementor-post elementor-grid-item post-7949 post type-post status-publish format-standard has-post-thumbnail hentry category-cirurgia-bariatrica\">\n\t\t\t<div class=\"elementor-post__card\">\n\t\t\t\t<a class=\"elementor-post__thumbnail__link\" href=\"https:\/\/pedrohenriquecaron.com\/blog\/conheca-os-riscos-de-nao-tomar-as-vitaminas-apos-a-bariatrica\/\" ><div class=\"elementor-post__thumbnail\"><img width=\"1200\" height=\"800\" src=\"https:\/\/pedrohenriquecaron.com\/blog\/wp-content\/uploads\/2024\/07\/blog-vitaminas-.png\" class=\"attachment-full size-full\" alt=\"\" loading=\"lazy\" srcset=\"https:\/\/pedrohenriquecaron.com\/blog\/wp-content\/uploads\/2024\/07\/blog-vitaminas-.png 1200w, https:\/\/pedrohenriquecaron.com\/blog\/wp-content\/uploads\/2024\/07\/blog-vitaminas--300x200.png 300w, https:\/\/pedrohenriquecaron.com\/blog\/wp-content\/uploads\/2024\/07\/blog-vitaminas--1024x683.png 1024w, https:\/\/pedrohenriquecaron.com\/blog\/wp-content\/uploads\/2024\/07\/blog-vitaminas--768x512.png 768w\" sizes=\"(max-width: 1200px) 100vw, 1200px\" \/><\/div><\/a>\n\t\t\t\t<div class=\"elementor-post__badge\">Cirurgia bari\u00e1trica<\/div>\n\t\t\t\t<div class=\"elementor-post__text\">\n\t\t\t\t<h4 class=\"elementor-post__title\">\n\t\t\t<a href=\"https:\/\/pedrohenriquecaron.com\/blog\/conheca-os-riscos-de-nao-tomar-as-vitaminas-apos-a-bariatrica\/\" >\n\t\t\t\tConhe\u00e7a os riscos de n\u00e3o tomar as vitaminas ap\u00f3s a bari\u00e1trica\t\t\t<\/a>\n\t\t<\/h4>\n\t\t\t\t<div class=\"elementor-post__excerpt\">\n\t\t\t<p>Um estudo feito por pesquisadores do Hospital de Base (HB), de S\u00e3o Paulo, apontou que 60% dos pacientes que realizam a cirurgia bari\u00e1trica n\u00e3o tomam<\/p>\n\t\t<\/div>\n\t\t\n\t\t<a class=\"elementor-post__read-more\" href=\"https:\/\/pedrohenriquecaron.com\/blog\/conheca-os-riscos-de-nao-tomar-as-vitaminas-apos-a-bariatrica\/\" >\n\t\t\tLeia Mais \u00bb\t\t<\/a>\n\n\t\t\t\t<\/div>\n\t\t\t\t<div class=\"elementor-post__meta-data\">\n\t\t\t\t\t<span class=\"elementor-post-date\">\n\t\t\t25 de julho de 2024\t\t<\/span>\n\t\t\t\t<span class=\"elementor-post-avatar\">\n\t\t\tNenhum coment\u00e1rio\t\t<\/span>\n\t\t\t\t<\/div>\n\t\t\t\t\t<\/div>\n\t\t<\/article>\n\t\t\t\t<article class=\"elementor-post elementor-grid-item post-7945 post type-post status-publish format-standard has-post-thumbnail hentry category-saude\">\n\t\t\t<div class=\"elementor-post__card\">\n\t\t\t\t<a class=\"elementor-post__thumbnail__link\" href=\"https:\/\/pedrohenriquecaron.com\/blog\/qual-a-ligacao-entre-a-obesidade-e-a-saude-respiratoria\/\" ><div class=\"elementor-post__thumbnail\"><img width=\"810\" height=\"471\" src=\"https:\/\/pedrohenriquecaron.com\/blog\/wp-content\/uploads\/2024\/07\/blog-obesidade-doenca-respiratoria.png\" class=\"attachment-full size-full\" alt=\"\" loading=\"lazy\" srcset=\"https:\/\/pedrohenriquecaron.com\/blog\/wp-content\/uploads\/2024\/07\/blog-obesidade-doenca-respiratoria.png 810w, https:\/\/pedrohenriquecaron.com\/blog\/wp-content\/uploads\/2024\/07\/blog-obesidade-doenca-respiratoria-300x174.png 300w, https:\/\/pedrohenriquecaron.com\/blog\/wp-content\/uploads\/2024\/07\/blog-obesidade-doenca-respiratoria-768x447.png 768w\" sizes=\"(max-width: 810px) 100vw, 810px\" \/><\/div><\/a>\n\t\t\t\t<div class=\"elementor-post__badge\">Sa\u00fade<\/div>\n\t\t\t\t<div class=\"elementor-post__text\">\n\t\t\t\t<h4 class=\"elementor-post__title\">\n\t\t\t<a href=\"https:\/\/pedrohenriquecaron.com\/blog\/qual-a-ligacao-entre-a-obesidade-e-a-saude-respiratoria\/\" >\n\t\t\t\tQual a liga\u00e7\u00e3o entre a obesidade e a sa\u00fade respirat\u00f3ria?\t\t\t<\/a>\n\t\t<\/h4>\n\t\t\t\t<div class=\"elementor-post__excerpt\">\n\t\t\t<p>A obesidade \u00e9 uma doen\u00e7a grave, que tem como uma das caracter\u00edsticas prejudicar o organismo de diversas maneiras. Entre as comorbidades associadas est\u00e3o as do<\/p>\n\t\t<\/div>\n\t\t\n\t\t<a class=\"elementor-post__read-more\" href=\"https:\/\/pedrohenriquecaron.com\/blog\/qual-a-ligacao-entre-a-obesidade-e-a-saude-respiratoria\/\" >\n\t\t\tLeia Mais \u00bb\t\t<\/a>\n\n\t\t\t\t<\/div>\n\t\t\t\t<div class=\"elementor-post__meta-data\">\n\t\t\t\t\t<span class=\"elementor-post-date\">\n\t\t\t5 de julho de 2024\t\t<\/span>\n\t\t\t\t<span class=\"elementor-post-avatar\">\n\t\t\tNenhum coment\u00e1rio\t\t<\/span>\n\t\t\t\t<\/div>\n\t\t\t\t\t<\/div>\n\t\t<\/article>\n\t\t\t\t<article class=\"elementor-post elementor-grid-item post-7941 post type-post status-publish format-standard has-post-thumbnail hentry category-saude\">\n\t\t\t<div class=\"elementor-post__card\">\n\t\t\t\t<a class=\"elementor-post__thumbnail__link\" href=\"https:\/\/pedrohenriquecaron.com\/blog\/combatendo-a-obesidade-na-adolescencia-informacoes-e-dicas-importantes\/\" ><div class=\"elementor-post__thumbnail\"><img width=\"810\" height=\"471\" src=\"https:\/\/pedrohenriquecaron.com\/blog\/wp-content\/uploads\/2024\/05\/blog-obesidade-adolescencia-site.png\" class=\"attachment-full size-full\" alt=\"\" loading=\"lazy\" srcset=\"https:\/\/pedrohenriquecaron.com\/blog\/wp-content\/uploads\/2024\/05\/blog-obesidade-adolescencia-site.png 810w, https:\/\/pedrohenriquecaron.com\/blog\/wp-content\/uploads\/2024\/05\/blog-obesidade-adolescencia-site-300x174.png 300w, https:\/\/pedrohenriquecaron.com\/blog\/wp-content\/uploads\/2024\/05\/blog-obesidade-adolescencia-site-768x447.png 768w\" sizes=\"(max-width: 810px) 100vw, 810px\" \/><\/div><\/a>\n\t\t\t\t<div class=\"elementor-post__badge\">Sa\u00fade<\/div>\n\t\t\t\t<div class=\"elementor-post__text\">\n\t\t\t\t<h4 class=\"elementor-post__title\">\n\t\t\t<a href=\"https:\/\/pedrohenriquecaron.com\/blog\/combatendo-a-obesidade-na-adolescencia-informacoes-e-dicas-importantes\/\" >\n\t\t\t\tCombatendo a obesidade na adolesc\u00eancia: informa\u00e7\u00f5es e dicas importantes\t\t\t<\/a>\n\t\t<\/h4>\n\t\t\t\t<div class=\"elementor-post__excerpt\">\n\t\t\t<p>Lidar com a obesidade na adolesc\u00eancia \u00e9 desafiador, tanto para os adolescentes quanto seus familiares. Esta fase da vida \u00e9 marcada por mudan\u00e7as significativas, tanto<\/p>\n\t\t<\/div>\n\t\t\n\t\t<a class=\"elementor-post__read-more\" href=\"https:\/\/pedrohenriquecaron.com\/blog\/combatendo-a-obesidade-na-adolescencia-informacoes-e-dicas-importantes\/\" >\n\t\t\tLeia Mais \u00bb\t\t<\/a>\n\n\t\t\t\t<\/div>\n\t\t\t\t<div class=\"elementor-post__meta-data\">\n\t\t\t\t\t<span class=\"elementor-post-date\">\n\t\t\t17 de maio de 2024\t\t<\/span>\n\t\t\t\t<span class=\"elementor-post-avatar\">\n\t\t\tNenhum coment\u00e1rio\t\t<\/span>\n\t\t\t\t<\/div>\n\t\t\t\t\t<\/div>\n\t\t<\/article>\n\t\t\t\t<article class=\"elementor-post elementor-grid-item post-7937 post type-post status-publish format-standard has-post-thumbnail hentry category-saude\">\n\t\t\t<div class=\"elementor-post__card\">\n\t\t\t\t<a class=\"elementor-post__thumbnail__link\" href=\"https:\/\/pedrohenriquecaron.com\/blog\/nao-se-culpe-se-voce-sofre-com-o-excesso-de-peso-a-obesidade-e-uma-doenca\/\" ><div class=\"elementor-post__thumbnail\"><img width=\"810\" height=\"471\" src=\"https:\/\/pedrohenriquecaron.com\/blog\/wp-content\/uploads\/2024\/05\/blog-obesidade-doenca.png\" class=\"attachment-full size-full\" alt=\"\" loading=\"lazy\" srcset=\"https:\/\/pedrohenriquecaron.com\/blog\/wp-content\/uploads\/2024\/05\/blog-obesidade-doenca.png 810w, https:\/\/pedrohenriquecaron.com\/blog\/wp-content\/uploads\/2024\/05\/blog-obesidade-doenca-300x174.png 300w, https:\/\/pedrohenriquecaron.com\/blog\/wp-content\/uploads\/2024\/05\/blog-obesidade-doenca-768x447.png 768w\" sizes=\"(max-width: 810px) 100vw, 810px\" \/><\/div><\/a>\n\t\t\t\t<div class=\"elementor-post__badge\">Sa\u00fade<\/div>\n\t\t\t\t<div class=\"elementor-post__text\">\n\t\t\t\t<h4 class=\"elementor-post__title\">\n\t\t\t<a href=\"https:\/\/pedrohenriquecaron.com\/blog\/nao-se-culpe-se-voce-sofre-com-o-excesso-de-peso-a-obesidade-e-uma-doenca\/\" >\n\t\t\t\tN\u00e3o se culpe se voc\u00ea sofre com o excesso de peso. A obesidade \u00e9 uma doen\u00e7a!\t\t\t<\/a>\n\t\t<\/h4>\n\t\t\t\t<div class=\"elementor-post__excerpt\">\n\t\t\t<p>A obesidade traz preju\u00edzos n\u00e3o apenas ao corpo, mas tamb\u00e9m \u00e0 sa\u00fade emocional. Pessoas que sofrem com a doen\u00e7a frequentemente acabam se culpando pelo fato<\/p>\n\t\t<\/div>\n\t\t\n\t\t<a class=\"elementor-post__read-more\" href=\"https:\/\/pedrohenriquecaron.com\/blog\/nao-se-culpe-se-voce-sofre-com-o-excesso-de-peso-a-obesidade-e-uma-doenca\/\" >\n\t\t\tLeia Mais \u00bb\t\t<\/a>\n\n\t\t\t\t<\/div>\n\t\t\t\t<div class=\"elementor-post__meta-data\">\n\t\t\t\t\t<span class=\"elementor-post-date\">\n\t\t\t2 de maio de 2024\t\t<\/span>\n\t\t\t\t<span class=\"elementor-post-avatar\">\n\t\t\tNenhum coment\u00e1rio\t\t<\/span>\n\t\t\t\t<\/div>\n\t\t\t\t\t<\/div>\n\t\t<\/article>\n\t\t\t\t<article class=\"elementor-post elementor-grid-item post-7933 post type-post status-publish format-standard has-post-thumbnail hentry category-cirurgia-bariatrica\">\n\t\t\t<div class=\"elementor-post__card\">\n\t\t\t\t<a class=\"elementor-post__thumbnail__link\" href=\"https:\/\/pedrohenriquecaron.com\/blog\/cirurgia-bariatrica-robotica-o-que-voce-precisa-saber\/\" ><div class=\"elementor-post__thumbnail\"><img width=\"810\" height=\"471\" src=\"https:\/\/pedrohenriquecaron.com\/blog\/wp-content\/uploads\/2024\/04\/blog-robotica.png\" class=\"attachment-full size-full\" alt=\"\" loading=\"lazy\" srcset=\"https:\/\/pedrohenriquecaron.com\/blog\/wp-content\/uploads\/2024\/04\/blog-robotica.png 810w, https:\/\/pedrohenriquecaron.com\/blog\/wp-content\/uploads\/2024\/04\/blog-robotica-300x174.png 300w, https:\/\/pedrohenriquecaron.com\/blog\/wp-content\/uploads\/2024\/04\/blog-robotica-768x447.png 768w\" sizes=\"(max-width: 810px) 100vw, 810px\" \/><\/div><\/a>\n\t\t\t\t<div class=\"elementor-post__badge\">Cirurgia bari\u00e1trica<\/div>\n\t\t\t\t<div class=\"elementor-post__text\">\n\t\t\t\t<h4 class=\"elementor-post__title\">\n\t\t\t<a href=\"https:\/\/pedrohenriquecaron.com\/blog\/cirurgia-bariatrica-robotica-o-que-voce-precisa-saber\/\" >\n\t\t\t\tCirurgia bari\u00e1trica rob\u00f3tica: o que voc\u00ea precisa saber\t\t\t<\/a>\n\t\t<\/h4>\n\t\t\t\t<div class=\"elementor-post__excerpt\">\n\t\t\t<p>A cirurgia bari\u00e1trica rob\u00f3tica \u00e9 a principal inova\u00e7\u00e3o cir\u00fargica para o tratamento da obesidade. Por ser uma tecnologia relativamente recente no Brasil (mas utilizada h\u00e1<\/p>\n\t\t<\/div>\n\t\t\n\t\t<a class=\"elementor-post__read-more\" href=\"https:\/\/pedrohenriquecaron.com\/blog\/cirurgia-bariatrica-robotica-o-que-voce-precisa-saber\/\" >\n\t\t\tLeia Mais \u00bb\t\t<\/a>\n\n\t\t\t\t<\/div>\n\t\t\t\t<div class=\"elementor-post__meta-data\">\n\t\t\t\t\t<span class=\"elementor-post-date\">\n\t\t\t10 de abril de 2024\t\t<\/span>\n\t\t\t\t<span class=\"elementor-post-avatar\">\n\t\t\tNenhum coment\u00e1rio\t\t<\/span>\n\t\t\t\t<\/div>\n\t\t\t\t\t<\/div>\n\t\t<\/article>\n\t\t\t\t<\/div>\n\n\n\t\t\n\t\t\t\t<\/div>\n\t\t\t\t<\/div>\n\t\t\t\t\t<\/div>\n\t\t<\/div>\n\t\t\t\t<div class=\"elementor-column elementor-col-50 elementor-top-column elementor-element elementor-element-7bbf0f06\" data-id=\"7bbf0f06\" data-element_type=\"column\">\n\t\t\t<div class=\"elementor-widget-wrap elementor-element-populated\">\n\t\t\t\t\t\t\t\t<div class=\"elementor-element elementor-element-4db33a58 elementor-widget elementor-widget-image\" data-id=\"4db33a58\" data-element_type=\"widget\" data-widget_type=\"image.default\">\n\t\t\t\t<div class=\"elementor-widget-container\">\n\t\t\t<style>\/*! elementor - v3.7.7 - 20-09-2022 *\/\n.elementor-widget-image{text-align:center}.elementor-widget-image a{display:inline-block}.elementor-widget-image a img[src$=\".svg\"]{width:48px}.elementor-widget-image img{vertical-align:middle;display:inline-block}<\/style>\t\t\t\t\t\t\t\t\t\t\t\t<img width=\"644\" height=\"616\" src=\"https:\/\/pedrohenriquecaron.com\/blog\/wp-content\/uploads\/2022\/09\/3X4_DR_CARON.png\" class=\"attachment-large size-large\" alt=\"\" loading=\"lazy\" srcset=\"https:\/\/pedrohenriquecaron.com\/blog\/wp-content\/uploads\/2022\/09\/3X4_DR_CARON.png 644w, https:\/\/pedrohenriquecaron.com\/blog\/wp-content\/uploads\/2022\/09\/3X4_DR_CARON-300x287.png 300w, https:\/\/pedrohenriquecaron.com\/blog\/wp-content\/uploads\/2022\/09\/3X4_DR_CARON-340x325.png 340w, https:\/\/pedrohenriquecaron.com\/blog\/wp-content\/uploads\/2022\/09\/3X4_DR_CARON-600x574.png 600w, https:\/\/pedrohenriquecaron.com\/blog\/wp-content\/uploads\/2022\/09\/3X4_DR_CARON-24x24.png 24w, https:\/\/pedrohenriquecaron.com\/blog\/wp-content\/uploads\/2022\/09\/3X4_DR_CARON-125x120.png 125w\" sizes=\"(max-width: 644px) 100vw, 644px\" \/>\t\t\t\t\t\t\t\t\t\t\t\t\t\t\t<\/div>\n\t\t\t\t<\/div>\n\t\t\t\t<div class=\"elementor-element elementor-element-59ab836f elementor-widget elementor-widget-heading\" data-id=\"59ab836f\" data-element_type=\"widget\" data-widget_type=\"heading.default\">\n\t\t\t\t<div class=\"elementor-widget-container\">\n\t\t\t<h1 class=\"elementor-heading-title elementor-size-default\">DR. PEDRO HENRIQUE CARON<\/h1>\t\t<\/div>\n\t\t\t\t<\/div>\n\t\t\t\t<div class=\"elementor-element elementor-element-c23be80 elementor-widget elementor-widget-text-editor\" data-id=\"c23be80\" data-element_type=\"widget\" data-widget_type=\"text-editor.default\">\n\t\t\t\t<div class=\"elementor-widget-container\">\n\t\t\t<style>\/*! elementor - v3.7.7 - 20-09-2022 *\/\n.elementor-widget-text-editor.elementor-drop-cap-view-stacked .elementor-drop-cap{background-color:#818a91;color:#fff}.elementor-widget-text-editor.elementor-drop-cap-view-framed .elementor-drop-cap{color:#818a91;border:3px solid;background-color:transparent}.elementor-widget-text-editor:not(.elementor-drop-cap-view-default) .elementor-drop-cap{margin-top:8px}.elementor-widget-text-editor:not(.elementor-drop-cap-view-default) .elementor-drop-cap-letter{width:1em;height:1em}.elementor-widget-text-editor .elementor-drop-cap{float:left;text-align:center;line-height:1;font-size:50px}.elementor-widget-text-editor .elementor-drop-cap-letter{display:inline-block}<\/style>\t\t\t\t<ul style=\"list-style-type: square;\"><li>Formado em medicina, com especializa\u00e7\u00e3o em Cirurgia Bari\u00e1trica e do Aparelho Digestivo;<br \/><br \/><\/li><li>Membro da Sociedade Brasileira de Cirurgia Bari\u00e1trica e Metab\u00f3lica;<br \/><br \/><\/li><li>Membro da Sociedade Brasileira de Videocirurgia.<\/li><\/ul>\t\t\t\t\t\t<\/div>\n\t\t\t\t<\/div>\n\t\t\t\t<div class=\"elementor-element elementor-element-44963715 elementor-widget elementor-widget-wp-widget-categories\" data-id=\"44963715\" data-element_type=\"widget\" data-widget_type=\"wp-widget-categories.default\">\n\t\t\t\t<div class=\"elementor-widget-container\">\n\t\t\t<h5>Categorias<\/h5><form action=\"https:\/\/pedrohenriquecaron.com\/blog\" method=\"get\"><label class=\"screen-reader-text\" for=\"cat\">Categorias<\/label><select  name='cat' id='cat' class='postform' >\n\t<option value='-1'>Selecionar categoria<\/option>\n\t<option class=\"level-0\" value=\"288\">Alimenta\u00e7\u00e3o<\/option>\n\t<option class=\"level-0\" value=\"287\">Cirurgia bari\u00e1trica<\/option>\n\t<option class=\"level-0\" value=\"289\">Sa\u00fade<\/option>\n<\/select>\n<\/form>\n<script>\n\/* <![CDATA[ *\/\n(function() {\n\tvar dropdown = document.getElementById( \"cat\" );\n\tfunction onCatChange() {\n\t\tif ( dropdown.options[ dropdown.selectedIndex ].value > 0 ) {\n\t\t\tdropdown.parentNode.submit();\n\t\t}\n\t}\n\tdropdown.onchange = onCatChange;\n})();\n\/* ]]> *\/\n<\/script>\n\n\t\t\t\t\t<\/div>\n\t\t\t\t<\/div>\n\t\t\t\t\t<\/div>\n\t\t<\/div>\n\t\t\t\t\t\t\t<\/div>\n\t\t<\/section>\n\t\t\t\t\t\t\t<\/div>\n\t\t","protected":false},"excerpt":{"rendered":"<p>Blog DR. PEDRO HENRIQUE CARON Transformando vidas! DR. PEDRO HENRIQUE CARON Formado em medicina, com especializa\u00e7\u00e3o em Cirurgia Bari\u00e1trica e do Aparelho Digestivo; Membro da Sociedade Brasileira de Cirurgia Bari\u00e1trica e Metab\u00f3lica; Membro da Sociedade Brasileira de Videocirurgia.<\/p>\n","protected":false},"author":1,"featured_media":0,"parent":0,"menu_order":0,"comment_status":"closed","ping_status":"closed","template":"elementor_header_footer","meta":[],"_links":{"self":[{"href":"https:\/\/pedrohenriquecaron.com\/blog\/wp-json\/wp\/v2\/pages\/7543"}],"collection":[{"href":"https:\/\/pedrohenriquecaron.com\/blog\/wp-json\/wp\/v2\/pages"}],"about":[{"href":"https:\/\/pedrohenriquecaron.com\/blog\/wp-json\/wp\/v2\/types\/page"}],"author":[{"embeddable":true,"href":"https:\/\/pedrohenriquecaron.com\/blog\/wp-json\/wp\/v2\/users\/1"}],"replies":[{"embeddable":true,"href":"https:\/\/pedrohenriquecaron.com\/blog\/wp-json\/wp\/v2\/comments?post=7543"}],"version-history":[{"count":58,"href":"https:\/\/pedrohenriquecaron.com\/blog\/wp-json\/wp\/v2\/pages\/7543\/revisions"}],"predecessor-version":[{"id":7821,"href":"https:\/\/pedrohenriquecaron.com\/blog\/wp-json\/wp\/v2\/pages\/7543\/revisions\/7821"}],"wp:attachment":[{"href":"https:\/\/pedrohenriquecaron.com\/blog\/wp-json\/wp\/v2\/media?parent=7543"}],"curies":[{"name":"wp","href":"https:\/\/api.w.org\/{rel}","templated":true}]}}